{"id":11829,"date":"2025-01-16T22:44:52","date_gmt":"2025-01-16T22:44:52","guid":{"rendered":"https:\/\/sublimespain.wpenginepowered.com\/services\/avocats-en-espagne\/droit-du-travail-et-securite-sociale-en-espagne\/"},"modified":"2025-08-26T10:20:31","modified_gmt":"2025-08-26T10:20:31","slug":"droit-du-travail-et-securite-sociale-en-espagne","status":"publish","type":"page","link":"https:\/\/www.sublimespain.com\/fr\/services\/services-aux-entreprises-en-espagne\/droit-du-travail-et-securite-sociale-en-espagne\/","title":{"rendered":"Droit du travail et s\u00e9curit\u00e9 sociale en Espagne"},"content":{"rendered":"<div class='flex_column_table av-fzhsf-045babb7d85ed94df7a4e94a65297fdf sc-av_one_half av-equal-height-column-flextable'>\n<style type=\"text\/css\" data-created_by=\"avia_inline_auto\" id=\"style-css-av-fzhsf-045babb7d85ed94df7a4e94a65297fdf\">\n.flex_column.av-fzhsf-045babb7d85ed94df7a4e94a65297fdf{\nborder-radius:0px 0px 0px 0px;\npadding:0px 0px 0px 0px;\n}\n<\/style>\n<div  class='flex_column av-fzhsf-045babb7d85ed94df7a4e94a65297fdf av_one_half  avia-builder-el-0  el_before_av_one_half  avia-builder-el-first  first flex_column_table_cell av-equal-height-column av-align-middle av-zero-column-padding  '     ><section  class='av_textblock_section av-kav7njqx-ffb1460abafd24619003088d51bc305d '   itemscope=\"itemscope\" itemtype=\"https:\/\/schema.org\/CreativeWork\" ><div class='avia_textblock'  itemprop=\"text\" ><h1>Services de droit du travail en Espagne<\/h1>\n<p>Le droit du travail et la s\u00e9curit\u00e9 sociale en Espagne sont des aspects cruciaux pour les organisations, en particulier lorsqu&rsquo;il s&rsquo;agit de g\u00e9rer les relations de travail. Alors que la d\u00e9couverte de nouveaux talents est un processus continu, les probl\u00e8mes li\u00e9s au droit du travail et \u00e0 la s\u00e9curit\u00e9 sociale peuvent avoir un impact significatif sur les op\u00e9rations et la r\u00e9putation d&rsquo;une entreprise s&rsquo;ils ne sont pas trait\u00e9s correctement.<\/p>\n<\/div><\/section><\/div>\n<div class='av-flex-placeholder'><\/div>\n<style type=\"text\/css\" data-created_by=\"avia_inline_auto\" id=\"style-css-av-4ne8v-980b04313092bb13115b08e021a7e7ed\">\n.flex_column.av-4ne8v-980b04313092bb13115b08e021a7e7ed{\nborder-radius:0px 0px 0px 0px;\npadding:0px 0px 0px 0px;\nbackground-color:#848484;\n}\n<\/style>\n<div  class='flex_column av-4ne8v-980b04313092bb13115b08e021a7e7ed av_one_half  avia-builder-el-2  el_after_av_one_half  el_before_av_one_half  serviceimagetop flex_column_table_cell av-equal-height-column av-align-middle av-zero-column-padding  '     ><style type=\"text\/css\" data-created_by=\"avia_inline_auto\" id=\"style-css-av-kav7irze-0babdc9360c056b796fe0947cfbd0b38\">\n.avia-image-container.av-kav7irze-0babdc9360c056b796fe0947cfbd0b38 img.avia_image{\nbox-shadow:none;\n}\n.avia-image-container.av-kav7irze-0babdc9360c056b796fe0947cfbd0b38 .av-image-caption-overlay-center{\ncolor:#ffffff;\n}\n<\/style>\n<div  class='avia-image-container av-kav7irze-0babdc9360c056b796fe0947cfbd0b38 av-styling- avia-align-center  avia-builder-el-3  avia-builder-el-no-sibling '   itemprop=\"image\" itemscope=\"itemscope\" itemtype=\"https:\/\/schema.org\/ImageObject\" ><div class=\"avia-image-container-inner\"><div class=\"avia-image-overlay-wrap\"><img decoding=\"async\" fetchpriority=\"high\" class='wp-image-15462 avia-img-lazy-loading-not-15462 avia_image ' src=\"https:\/\/www.sublimespain.com\/wp-content\/uploads\/Labour-Law-in-Spain.jpg\" alt='Labor law and social security in Spain are crucial aspects for expats' title='Labour Law in Spain'  height=\"900\" width=\"1600\"  itemprop=\"thumbnailUrl\" srcset=\"https:\/\/www.sublimespain.com\/wp-content\/uploads\/Labour-Law-in-Spain.jpg 1600w, https:\/\/www.sublimespain.com\/wp-content\/uploads\/Labour-Law-in-Spain-300x169.jpg 300w, https:\/\/www.sublimespain.com\/wp-content\/uploads\/Labour-Law-in-Spain-768x432.jpg 768w, https:\/\/www.sublimespain.com\/wp-content\/uploads\/Labour-Law-in-Spain-1030x579.jpg 1030w, https:\/\/www.sublimespain.com\/wp-content\/uploads\/Labour-Law-in-Spain-1536x864.jpg 1536w, https:\/\/www.sublimespain.com\/wp-content\/uploads\/Labour-Law-in-Spain-1500x844.jpg 1500w, https:\/\/www.sublimespain.com\/wp-content\/uploads\/Labour-Law-in-Spain-705x397.jpg 705w, https:\/\/www.sublimespain.com\/wp-content\/uploads\/Labour-Law-in-Spain-515x289.jpg 515w\" sizes=\"(max-width: 1600px) 100vw, 1600px\" \/><\/div><\/div><\/div><\/div><\/div><!--close column table wrapper. Autoclose: 1 -->\n<div class='flex_column_table av-xt3t4-cbc1c585f635486febf6937eb704e32e sc-av_one_half av-equal-height-column-flextable'>\n<style type=\"text\/css\" data-created_by=\"avia_inline_auto\" id=\"style-css-av-xt3t4-cbc1c585f635486febf6937eb704e32e\">\n.flex_column.av-xt3t4-cbc1c585f635486febf6937eb704e32e{\nborder-radius:0px 0px 0px 0px;\npadding:0px 0px 0px 0px;\n}\n<\/style>\n<div  id=\"getstarted\"  class='flex_column av-xt3t4-cbc1c585f635486febf6937eb704e32e av_one_half  avia-builder-el-4  el_after_av_one_half  el_before_av_one_half  first flex_column_table_cell av-equal-height-column av-align-middle av-zero-column-padding  column-top-margin'     ><p>\n<style type=\"text\/css\" data-created_by=\"avia_inline_auto\" id=\"style-css-av-pt6u8-1a7e5f75550b0877e4bdc21fb8e0089c\">\n.avia-image-container.av-pt6u8-1a7e5f75550b0877e4bdc21fb8e0089c img.avia_image{\nbox-shadow:none;\n}\n.avia-image-container.av-pt6u8-1a7e5f75550b0877e4bdc21fb8e0089c .av-image-caption-overlay-center{\ncolor:#ffffff;\n}\n<\/style>\n<div  class='avia-image-container av-pt6u8-1a7e5f75550b0877e4bdc21fb8e0089c av-styling- avia-align-center  avia-builder-el-5  el_before_av_heading  avia-builder-el-first '   itemprop=\"image\" itemscope=\"itemscope\" itemtype=\"https:\/\/schema.org\/ImageObject\" ><div class=\"avia-image-container-inner\"><div class=\"avia-image-overlay-wrap\"><img decoding=\"async\" fetchpriority=\"high\" class='wp-image-16477 avia-img-lazy-loading-not-16477 avia_image ' src=\"https:\/\/www.sublimespain.com\/wp-content\/uploads\/Study-Abroad-In-Spain-1-1.jpg\" alt='Study Abroad In Spain: a full guide' title='Study Abroad In Spain (1)'  height=\"900\" width=\"1600\"  itemprop=\"thumbnailUrl\" srcset=\"https:\/\/www.sublimespain.com\/wp-content\/uploads\/Study-Abroad-In-Spain-1-1.jpg 1600w, https:\/\/www.sublimespain.com\/wp-content\/uploads\/Study-Abroad-In-Spain-1-1-300x169.jpg 300w, https:\/\/www.sublimespain.com\/wp-content\/uploads\/Study-Abroad-In-Spain-1-1-1030x579.jpg 1030w, https:\/\/www.sublimespain.com\/wp-content\/uploads\/Study-Abroad-In-Spain-1-1-768x432.jpg 768w, https:\/\/www.sublimespain.com\/wp-content\/uploads\/Study-Abroad-In-Spain-1-1-1536x864.jpg 1536w, https:\/\/www.sublimespain.com\/wp-content\/uploads\/Study-Abroad-In-Spain-1-1-1500x844.jpg 1500w, https:\/\/www.sublimespain.com\/wp-content\/uploads\/Study-Abroad-In-Spain-1-1-705x397.jpg 705w\" sizes=\"(max-width: 1600px) 100vw, 1600px\" \/><\/div><\/div><\/div><br \/>\n\n<style type=\"text\/css\" data-created_by=\"avia_inline_auto\" id=\"style-css-av-m6jwo-38d0471475fc7fdc57e829f6b61e039e\">\n#top .av-special-heading.av-m6jwo-38d0471475fc7fdc57e829f6b61e039e{\nmargin:50px 0 0 0;\npadding-bottom:10px;\ncolor:#156aaf;\nfont-size:28px;\n}\nbody .av-special-heading.av-m6jwo-38d0471475fc7fdc57e829f6b61e039e .av-special-heading-tag .heading-char{\nfont-size:25px;\n}\n#top #wrap_all .av-special-heading.av-m6jwo-38d0471475fc7fdc57e829f6b61e039e .av-special-heading-tag{\nfont-size:28px;\n}\n.av-special-heading.av-m6jwo-38d0471475fc7fdc57e829f6b61e039e .special-heading-inner-border{\nborder-color:#156aaf;\n}\n.av-special-heading.av-m6jwo-38d0471475fc7fdc57e829f6b61e039e .av-subheading{\nfont-size:20px;\ncolor:#323335;\n}\n\n@media only screen and (min-width: 480px) and (max-width: 767px){ \n#top #wrap_all .av-special-heading.av-m6jwo-38d0471475fc7fdc57e829f6b61e039e .av-special-heading-tag{\nfont-size:0.8em;\n}\n}\n\n@media only screen and (max-width: 479px){ \n#top #wrap_all .av-special-heading.av-m6jwo-38d0471475fc7fdc57e829f6b61e039e .av-special-heading-tag{\nfont-size:0.8em;\n}\n}\n<\/style>\n<div  class='av-special-heading av-m6jwo-38d0471475fc7fdc57e829f6b61e039e av-special-heading-h3 custom-color-heading blockquote modern-quote modern-centered  avia-builder-el-6  el_after_av_image  el_before_av_button  av-inherit-size'><h3 class='av-special-heading-tag '  itemprop=\"headline\"  >Besoin d\u2019un coup de main?<\/h3><div class='av_custom_color av-subheading av-subheading_below'><p>On est l\u00e0 pour t&rsquo;aider \u00e0 entrer en contact avec un prestataire de services en Espagne!<\/p>\n<\/div><div class=\"special-heading-border\"><div class=\"special-heading-inner-border\"><\/div><\/div><\/div><br \/>\n<div  class='avia-button-wrap av-8wmns-7634bad6c8d8e76a18d67d82e9d717b8-wrap avia-button-center  avia-builder-el-7  el_after_av_heading  el_before_av_hr '>\n<style type=\"text\/css\" data-created_by=\"avia_inline_auto\" id=\"style-css-av-8wmns-7634bad6c8d8e76a18d67d82e9d717b8\">\n#top #wrap_all .avia-button.av-8wmns-7634bad6c8d8e76a18d67d82e9d717b8{\nmargin:20px 0 0 0;\n}\n<\/style>\n<a href='https:\/\/www.sublimespain.com\/fr\/commencer\/'  class='avia-button av-8wmns-7634bad6c8d8e76a18d67d82e9d717b8 av-link-btn avia-icon_select-no avia-size-small avia-position-center avia-color-theme-color'   aria-label=\"Contactez-nous\"><span class='avia_iconbox_title' >Contactez-nous<\/span><\/a><\/div><br \/>\n\n<style type=\"text\/css\" data-created_by=\"avia_inline_auto\" id=\"style-css-av-9o4mo-95b18af8190dd671cf11d18dfa298c5a\">\n#top .hr.hr-invisible.av-9o4mo-95b18af8190dd671cf11d18dfa298c5a{\nheight:10px;\n}\n<\/style>\n<div  class='hr av-9o4mo-95b18af8190dd671cf11d18dfa298c5a hr-invisible  avia-builder-el-8  el_after_av_button  avia-builder-el-last '><span class='hr-inner '><span class=\"hr-inner-style\"><\/span><\/span><\/div><\/p><\/div><div class='av-flex-placeholder'><\/div>\n<style type=\"text\/css\" data-created_by=\"avia_inline_auto\" id=\"style-css-av-adw3k-a9b382771d68fa50da81655abaaca83e\">\n.flex_column.av-adw3k-a9b382771d68fa50da81655abaaca83e{\nborder-radius:0px 0px 0px 0px;\npadding:0px 0px 0px 0px;\n}\n<\/style>\n<div  class='flex_column av-adw3k-a9b382771d68fa50da81655abaaca83e av_one_half  avia-builder-el-9  el_after_av_one_half  el_before_av_one_half  flex_column_table_cell av-equal-height-column av-align-middle av-zero-column-padding  column-top-margin'     ><section  class='av_textblock_section av-kljztod9-9a866bbd5783cf7c6be569f8825dab38 '   itemscope=\"itemscope\" itemtype=\"https:\/\/schema.org\/CreativeWork\" ><div class='avia_textblock'  itemprop=\"text\" ><h2 data-start=\"0\" data-end=\"45\">Services juridiques autour de l&#8217;emploi<\/h2>\n<p data-start=\"47\" data-end=\"378\">Une main-d&rsquo;\u0153uvre qualifi\u00e9e et bien g\u00e9r\u00e9e est essentielle \u00e0 toute r\u00e9ussite. C&rsquo;est pourquoi nous nous attachons \u00e0 r\u00e9pondre aux besoins de nos clients en mati\u00e8re d&#8217;emploi, tout en veillant au respect de la l\u00e9gislation espagnole du travail. Nos services comprennent :  <\/p>\n<ul data-start=\"405\" data-end=\"961\">\n<li data-start=\"405\" data-end=\"512\">Conseils d&rsquo;experts en mati\u00e8re de travail pour les entreprises et les salari\u00e9s<\/li>\n<li data-start=\"513\" data-end=\"570\">Repr\u00e9sentation professionnelle lors des inspections du travail.<\/li>\n<li data-start=\"571\" data-end=\"624\">D\u00e9fense judiciaire et extrajudiciaire<\/li>\n<li data-start=\"625\" data-end=\"715\">Des conseils personnalis\u00e9s sur l&#8217;embauche, l&rsquo;externalisation, les groupes d&#8217;employ\u00e9s et les proc\u00e9dures de licenciement.<\/li>\n<li data-start=\"716\" data-end=\"808\">Protection de la propri\u00e9t\u00e9 industrielle, du secret des affaires et des accords d&rsquo;exclusivit\u00e9.<\/li>\n<li data-start=\"809\" data-end=\"892\">Assistance dans le cadre des n\u00e9gociations collectives et des proc\u00e9dures d&rsquo;arbitrage.<\/li>\n<li data-start=\"893\" data-end=\"961\">Conseil juridique en mati\u00e8re d&rsquo;indemnit\u00e9s de licenciement et de protection des salari\u00e9s.<\/li>\n<\/ul>\n<p data-start=\"963\" data-end=\"1096\" data-is-last-node=\"\">Gr\u00e2ce \u00e0 notre expertise, nous aidons les entreprises \u00e0 naviguer efficacement dans la r\u00e9glementation du travail tout en favorisant des pratiques \u00e9quitables et conformes sur le lieu de travail.<\/p>\n<\/div><\/section><\/div><\/div><!--close column table wrapper. Autoclose: 1 --><\/p>\n<div class='flex_column_table av-adw3k-2-d04f7ff64791bd962303488e621f9948 sc-av_one_half av-equal-height-column-flextable'>\n<style type=\"text\/css\" data-created_by=\"avia_inline_auto\" id=\"style-css-av-adw3k-2-d04f7ff64791bd962303488e621f9948\">\n.flex_column.av-adw3k-2-d04f7ff64791bd962303488e621f9948{\nborder-radius:0px 0px 0px 0px;\npadding:0px 0px 0px 0px;\n}\n<\/style>\n<div  class='flex_column av-adw3k-2-d04f7ff64791bd962303488e621f9948 av_one_half  avia-builder-el-11  el_after_av_one_half  el_before_av_one_half  first flex_column_table_cell av-equal-height-column av-align-middle av-zero-column-padding  column-top-margin'     ><section  class='av_textblock_section av-kljztod9-1-b86d143bd716f1e3ded9aed05d268905 '   itemscope=\"itemscope\" itemtype=\"https:\/\/schema.org\/CreativeWork\" ><div class='avia_textblock'  itemprop=\"text\" ><h2>Services priv\u00e9s de droit du travail<\/h2>\n<p data-start=\"201\" data-end=\"420\">Les probl\u00e8mes sur le lieu de travail peuvent prendre de nombreuses formes, qu&rsquo;il s&rsquo;agisse de litiges contractuels ou de pr\u00e9occupations concernant les politiques du lieu de travail, la discrimination ou les proc\u00e9dures de licenciement. Les employeurs et les employ\u00e9s peuvent \u00eatre confront\u00e9s \u00e0 des situations complexes qui n\u00e9cessitent un traitement minutieux. Nous proposons des services priv\u00e9s en mati\u00e8re de droit du travail :  <\/p>\n<ul>\n<li data-start=\"449\" data-end=\"782\">R\u00e9vision et n\u00e9gociation des contrats de travail<\/li>\n<li data-start=\"449\" data-end=\"782\">R\u00e9clamations en cas de licenciement abusif et de cessation d&#8217;emploi injustifi\u00e9e<\/li>\n<li data-start=\"449\" data-end=\"782\">Repr\u00e9sentation en mati\u00e8re de harc\u00e8lement et de discrimination sur le lieu de travail<\/li>\n<li data-start=\"449\" data-end=\"782\">R\u00e9solution des litiges en mati\u00e8re de salaires et d&rsquo;avantages sociaux<\/li>\n<li data-start=\"449\" data-end=\"782\">\u00c9valuations des obligations de non-concurrence et de l&rsquo;apr\u00e8s-emploi<\/li>\n<\/ul>\n<p data-start=\"1146\" data-end=\"1350\">Nous offrons un soutien juridique strat\u00e9gique, pratique et ax\u00e9 sur les r\u00e9sultats afin de prot\u00e9ger vos int\u00e9r\u00eats.<\/p>\n<\/div><\/section><\/div>\n<div class='av-flex-placeholder'><\/div>\n<style type=\"text\/css\" data-created_by=\"avia_inline_auto\" id=\"style-css-av-uz1fc-32012065c632fed751f2c46dddced093\">\n.flex_column.av-uz1fc-32012065c632fed751f2c46dddced093{\nborder-radius:0px 0px 0px 0px;\npadding:0px 0px 0px 0px;\n}\n<\/style>\n<div  class='flex_column av-uz1fc-32012065c632fed751f2c46dddced093 av_one_half  avia-builder-el-13  el_after_av_one_half  el_before_av_one_half  flex_column_table_cell av-equal-height-column av-align-middle av-zero-column-padding  column-top-margin'     ><style type=\"text\/css\" data-created_by=\"avia_inline_auto\" id=\"style-css-av-m77zfq7k-53db08aaa975921147470ca9bc2dd7ee\">\n.avia-image-container.av-m77zfq7k-53db08aaa975921147470ca9bc2dd7ee img.avia_image{\nbox-shadow:none;\n}\n.avia-image-container.av-m77zfq7k-53db08aaa975921147470ca9bc2dd7ee .av-image-caption-overlay-center{\ncolor:#ffffff;\n}\n<\/style>\n<div  class='avia-image-container av-m77zfq7k-53db08aaa975921147470ca9bc2dd7ee av-styling- avia-align-center  avia-builder-el-14  avia-builder-el-no-sibling '   itemprop=\"image\" itemscope=\"itemscope\" itemtype=\"https:\/\/schema.org\/ImageObject\" ><div class=\"avia-image-container-inner\"><div class=\"avia-image-overlay-wrap\"><img decoding=\"async\" fetchpriority=\"high\" class='wp-image-17525 avia-img-lazy-loading-not-17525 avia_image ' src=\"https:\/\/www.sublimespain.com\/wp-content\/uploads\/Labour-Law-Services-in-Spain.jpg\" alt='Labour Law Services in Spain' title='Labour Law Services in Spain'  height=\"1200\" width=\"1200\"  itemprop=\"thumbnailUrl\" srcset=\"https:\/\/www.sublimespain.com\/wp-content\/uploads\/Labour-Law-Services-in-Spain.jpg 1200w, https:\/\/www.sublimespain.com\/wp-content\/uploads\/Labour-Law-Services-in-Spain-300x300.jpg 300w, https:\/\/www.sublimespain.com\/wp-content\/uploads\/Labour-Law-Services-in-Spain-1030x1030.jpg 1030w, https:\/\/www.sublimespain.com\/wp-content\/uploads\/Labour-Law-Services-in-Spain-80x80.jpg 80w, https:\/\/www.sublimespain.com\/wp-content\/uploads\/Labour-Law-Services-in-Spain-768x768.jpg 768w, https:\/\/www.sublimespain.com\/wp-content\/uploads\/Labour-Law-Services-in-Spain-36x36.jpg 36w, https:\/\/www.sublimespain.com\/wp-content\/uploads\/Labour-Law-Services-in-Spain-180x180.jpg 180w, https:\/\/www.sublimespain.com\/wp-content\/uploads\/Labour-Law-Services-in-Spain-705x705.jpg 705w\" sizes=\"(max-width: 1200px) 100vw, 1200px\" \/><\/div><\/div><\/div><\/div><\/div><!--close column table wrapper. Autoclose: 1 -->\n<div class='flex_column_table av-rwwx4-73fff8896a0bb277a08105cc6c61048d sc-av_one_half av-equal-height-column-flextable'>\n<style type=\"text\/css\" data-created_by=\"avia_inline_auto\" id=\"style-css-av-rwwx4-73fff8896a0bb277a08105cc6c61048d\">\n.flex_column.av-rwwx4-73fff8896a0bb277a08105cc6c61048d{\nborder-radius:0px 0px 0px 0px;\npadding:0px 0px 0px 0px;\n}\n<\/style>\n<div  class='flex_column av-rwwx4-73fff8896a0bb277a08105cc6c61048d av_one_half  avia-builder-el-15  el_after_av_one_half  el_before_av_one_half  first flex_column_table_cell av-equal-height-column av-align-middle av-zero-column-padding  column-top-margin'     ><style type=\"text\/css\" data-created_by=\"avia_inline_auto\" id=\"style-css-av-mdetk-b6d5fe9d0821030644e35d36f32ae279\">\n.avia-image-container.av-mdetk-b6d5fe9d0821030644e35d36f32ae279 img.avia_image{\nbox-shadow:none;\n}\n.avia-image-container.av-mdetk-b6d5fe9d0821030644e35d36f32ae279 .av-image-caption-overlay-center{\ncolor:#ffffff;\n}\n<\/style>\n<div  class='avia-image-container av-mdetk-b6d5fe9d0821030644e35d36f32ae279 av-styling- avia-align-center  avia-builder-el-16  avia-builder-el-no-sibling '   itemprop=\"image\" itemscope=\"itemscope\" itemtype=\"https:\/\/schema.org\/ImageObject\" ><div class=\"avia-image-container-inner\"><div class=\"avia-image-overlay-wrap\"><img decoding=\"async\" fetchpriority=\"high\" class='wp-image-17530 avia-img-lazy-loading-not-17530 avia_image ' src=\"https:\/\/www.sublimespain.com\/wp-content\/uploads\/Labour-Law-Services-in-Spain-I-.jpg\" alt='Labour Law Services in Spain I' title='Labour Law Services in Spain I'  height=\"1200\" width=\"1200\"  itemprop=\"thumbnailUrl\" srcset=\"https:\/\/www.sublimespain.com\/wp-content\/uploads\/Labour-Law-Services-in-Spain-I-.jpg 1200w, https:\/\/www.sublimespain.com\/wp-content\/uploads\/Labour-Law-Services-in-Spain-I--300x300.jpg 300w, https:\/\/www.sublimespain.com\/wp-content\/uploads\/Labour-Law-Services-in-Spain-I--1030x1030.jpg 1030w, https:\/\/www.sublimespain.com\/wp-content\/uploads\/Labour-Law-Services-in-Spain-I--80x80.jpg 80w, https:\/\/www.sublimespain.com\/wp-content\/uploads\/Labour-Law-Services-in-Spain-I--768x768.jpg 768w, https:\/\/www.sublimespain.com\/wp-content\/uploads\/Labour-Law-Services-in-Spain-I--36x36.jpg 36w, https:\/\/www.sublimespain.com\/wp-content\/uploads\/Labour-Law-Services-in-Spain-I--180x180.jpg 180w, https:\/\/www.sublimespain.com\/wp-content\/uploads\/Labour-Law-Services-in-Spain-I--705x705.jpg 705w\" sizes=\"(max-width: 1200px) 100vw, 1200px\" \/><\/div><\/div><\/div><\/div>\n<div class='av-flex-placeholder'><\/div>\n<style type=\"text\/css\" data-created_by=\"avia_inline_auto\" id=\"style-css-av-fkks0-23bb4ac14f5fe33c08c4c9f3c314c970\">\n.flex_column.av-fkks0-23bb4ac14f5fe33c08c4c9f3c314c970{\nborder-radius:0px 0px 0px 0px;\npadding:0px 0px 0px 0px;\n}\n<\/style>\n<div  class='flex_column av-fkks0-23bb4ac14f5fe33c08c4c9f3c314c970 av_one_half  avia-builder-el-17  el_after_av_one_half  el_before_av_hr  flex_column_table_cell av-equal-height-column av-align-middle av-zero-column-padding  column-top-margin'     ><section  class='av_textblock_section av-m77zbndh-1c4b4945b1f65525affd098c2bf01e93 '   itemscope=\"itemscope\" itemtype=\"https:\/\/schema.org\/CreativeWork\" ><div class='avia_textblock'  itemprop=\"text\" ><h2>Services de droit du travail pour les entreprises<\/h2>\n<p>Une communication claire et une bonne compr\u00e9hension des droits et des obligations l\u00e9gales peuvent contribuer \u00e0 pr\u00e9venir les conflits et \u00e0 favoriser des r\u00e9sultats \u00e9quitables. Naviguer dans le droit du travail peut s&rsquo;av\u00e9rer complexe. Nous pouvons vous aider \u00e0 g\u00e9rer votre personnel. Services aux entreprises que nous proposons :   <\/p>\n<ul>\n<li>R\u00e9daction et r\u00e9vision des contrats de travail<\/li>\n<li>R\u00e9solution des conflits et litiges sur le lieu de travail<\/li>\n<li>Proc\u00e9dures de licenciement<\/li>\n<li>Conformit\u00e9 en mati\u00e8re de sant\u00e9 et de s\u00e9curit\u00e9 au travail<\/li>\n<li>Conformit\u00e9 des salaires et des avantages sociaux<\/li>\n<\/ul>\n<p>Nous offrons un soutien juridique strat\u00e9gique, pratique et ax\u00e9 sur les r\u00e9sultats afin de prot\u00e9ger vos int\u00e9r\u00eats.<\/p>\n<\/div><\/section><\/div><\/div><!--close column table wrapper. Autoclose: 1 -->\n\n<style type=\"text\/css\" data-created_by=\"avia_inline_auto\" id=\"style-css-av-bfmvb-0cd3caf86a4c596aad52104232b660c6\">\n#top .hr.hr-invisible.av-bfmvb-0cd3caf86a4c596aad52104232b660c6{\nheight:50px;\n}\n<\/style>\n<div  class='hr av-bfmvb-0cd3caf86a4c596aad52104232b660c6 hr-invisible  avia-builder-el-19  el_after_av_one_half  el_before_av_one_full '><span class='hr-inner '><span class=\"hr-inner-style\"><\/span><\/span><\/div>\n\n<style type=\"text\/css\" data-created_by=\"avia_inline_auto\" id=\"style-css-av-7z41w-ebd67ec6cc544a2294f671d83255e9a1\">\n.flex_column.av-7z41w-ebd67ec6cc544a2294f671d83255e9a1{\nborder-radius:0px 0px 0px 0px;\npadding:0px 0px 0px 0px;\n}\n<\/style>\n<div  class='flex_column av-7z41w-ebd67ec6cc544a2294f671d83255e9a1 av_one_full  avia-builder-el-20  el_after_av_hr  el_before_av_section  avia-builder-el-last  first flex_column_div av-zero-column-padding  '     ><section  class='av_textblock_section av-kav7njqx-2-659ee9580ed0f152c8a5417a38969e5b '   itemscope=\"itemscope\" itemtype=\"https:\/\/schema.org\/CreativeWork\" ><div class='avia_textblock'  itemprop=\"text\" ><h2 style=\"text-align: center;\">Notre centre de connaissances sur ce sujet<\/h2>\n<\/div><\/section><br \/>\n<div  data-slideshow-options=\"{&quot;animation&quot;:&quot;fade&quot;,&quot;autoplay&quot;:false,&quot;loop_autoplay&quot;:&quot;once&quot;,&quot;interval&quot;:5,&quot;loop_manual&quot;:&quot;manual-endless&quot;,&quot;autoplay_stopper&quot;:false,&quot;noNavigation&quot;:false,&quot;show_slide_delay&quot;:90}\" class='avia-content-slider avia-content-grid-active avia-content-slider1 avia-content-slider-even  avia-builder-el-22  el_after_av_textblock  el_before_av_button  morearticlesblogs av-slideshow-ui av-control-default   av-no-slider-navigation av-slideshow-manual av-loop-once av-loop-manual-endless '  itemscope=\"itemscope\" itemtype=\"https:\/\/schema.org\/Blog\" ><div class=\"avia-content-slider-inner\"><div class=\"slide-entry-wrap\"><article class='slide-entry flex_column  post-entry post-entry-12219 slide-entry-overview slide-loop-1 slide-parity-odd  av_one_fourth first real-thumbnail posttype-post post-format-standard'  itemscope=\"itemscope\" itemtype=\"https:\/\/schema.org\/CreativeWork\" ><a href='https:\/\/www.sublimespain.com\/fr\/salaire-minimum-en-espagne-en-2022\/' data-rel='slide-1' class='slide-image' title='Salaire minimum en Espagne en 2022'><img decoding=\"async\" fetchpriority=\"high\" width=\"260\" height=\"185\" src=\"https:\/\/www.sublimespain.com\/wp-content\/uploads\/Minimum-wage-2025-260x185.jpg\" class=\"wp-image-16954 avia-img-lazy-loading-not-16954 attachment-portfolio_small size-portfolio_small wp-post-image\" alt=\"How much is the minimum wage in Spain 2025? Here is the answer\" \/><\/a><div class=\"slide-content\"><header class=\"entry-content-header\" aria-label=\"Slide: Salaire minimum en Espagne en 2022\"><h3 class='slide-entry-title entry-title '  itemprop=\"headline\" ><a href='https:\/\/www.sublimespain.com\/fr\/salaire-minimum-en-espagne-en-2022\/' title='Salaire minimum en Espagne en 2022'>Salaire minimum en Espagne en 2022<\/a><\/h3><span class=\"blog-categories minor-meta\"><a href=\"https:\/\/www.sublimespain.com\/fr\/category\/travailler\/\" rel=\"tag\">Travailler<\/a> <\/span><span class=\"av-vertical-delimiter\"><\/span><\/header><\/div><footer class=\"entry-footer\"><\/footer><span class='hidden'>\n\t\t\t\t<span class='av-structured-data'  itemprop=\"image\" itemscope=\"itemscope\" itemtype=\"https:\/\/schema.org\/ImageObject\" >\n\t\t\t\t\t\t<span itemprop='url'>https:\/\/www.sublimespain.com\/wp-content\/uploads\/Minimum-wage-2025.jpg<\/span>\n\t\t\t\t\t\t<span itemprop='height'>900<\/span>\n\t\t\t\t\t\t<span itemprop='width'>1600<\/span>\n\t\t\t\t<\/span>\n\t\t\t\t<span class='av-structured-data'  itemprop=\"publisher\" itemtype=\"https:\/\/schema.org\/Organization\" itemscope=\"itemscope\" >\n\t\t\t\t\t\t<span itemprop='name'>Martin<\/span>\n\t\t\t\t\t\t<span itemprop='logo' itemscope itemtype='https:\/\/schema.org\/ImageObject'>\n\t\t\t\t\t\t\t<span itemprop='url'>https:\/\/www.sublimespain.com\/wp-content\/uploads\/Sublime-Spain-Logo-Blue-300x198.png<\/span>\n\t\t\t\t\t\t<\/span>\n\t\t\t\t<\/span><span class='av-structured-data'  itemprop=\"author\" itemscope=\"itemscope\" itemtype=\"https:\/\/schema.org\/Person\" ><span itemprop='name'>Martin<\/span><\/span><span class='av-structured-data'  itemprop=\"datePublished\" datetime=\"2025-01-16T22:44:52+00:00\" >2025-02-17 18:43:57<\/span><span class='av-structured-data'  itemprop=\"dateModified\" itemtype=\"https:\/\/schema.org\/dateModified\" >2024-12-12 10:30:39<\/span><span class='av-structured-data'  itemprop=\"mainEntityOfPage\" itemtype=\"https:\/\/schema.org\/mainEntityOfPage\" ><span itemprop='name'>Salaire minimum en Espagne en 2022<\/span><\/span><\/span><\/article><article class='slide-entry flex_column  post-entry post-entry-12233 slide-entry-overview slide-loop-2 slide-parity-even  post-entry-last  av_one_fourth  real-thumbnail posttype-post post-format-standard'  itemscope=\"itemscope\" itemtype=\"https:\/\/schema.org\/CreativeWork\" ><a href='https:\/\/www.sublimespain.com\/fr\/travailler-en-espagne-les-aspects-essentiels-couverts\/' data-rel='slide-1' class='slide-image' title='Travailler en Espagne : Les aspects essentiels couverts'><img decoding=\"async\" fetchpriority=\"high\" width=\"260\" height=\"185\" src=\"https:\/\/www.sublimespain.com\/wp-content\/uploads\/Working-in-Spain-The-Essential-Aspects-Covered-260x185.jpg\" class=\"wp-image-17953 avia-img-lazy-loading-not-17953 attachment-portfolio_small size-portfolio_small wp-post-image\" alt=\"Working in Spain\" \/><\/a><div class=\"slide-content\"><header class=\"entry-content-header\" aria-label=\"Slide: Travailler en Espagne : Les aspects essentiels couverts\"><h3 class='slide-entry-title entry-title '  itemprop=\"headline\" ><a href='https:\/\/www.sublimespain.com\/fr\/travailler-en-espagne-les-aspects-essentiels-couverts\/' title='Travailler en Espagne : Les aspects essentiels couverts'>Travailler en Espagne : Les aspects essentiels couverts<\/a><\/h3><span class=\"blog-categories minor-meta\"><a href=\"https:\/\/www.sublimespain.com\/fr\/category\/travailler\/\" rel=\"tag\">Travailler<\/a> <\/span><span class=\"av-vertical-delimiter\"><\/span><\/header><\/div><footer class=\"entry-footer\"><\/footer><span class='hidden'>\n\t\t\t\t<span class='av-structured-data'  itemprop=\"image\" itemscope=\"itemscope\" itemtype=\"https:\/\/schema.org\/ImageObject\" >\n\t\t\t\t\t\t<span itemprop='url'>https:\/\/www.sublimespain.com\/wp-content\/uploads\/Working-in-Spain-The-Essential-Aspects-Covered.jpg<\/span>\n\t\t\t\t\t\t<span itemprop='height'>900<\/span>\n\t\t\t\t\t\t<span itemprop='width'>1600<\/span>\n\t\t\t\t<\/span>\n\t\t\t\t<span class='av-structured-data'  itemprop=\"publisher\" itemtype=\"https:\/\/schema.org\/Organization\" itemscope=\"itemscope\" >\n\t\t\t\t\t\t<span itemprop='name'>Martin<\/span>\n\t\t\t\t\t\t<span itemprop='logo' itemscope itemtype='https:\/\/schema.org\/ImageObject'>\n\t\t\t\t\t\t\t<span itemprop='url'>https:\/\/www.sublimespain.com\/wp-content\/uploads\/Sublime-Spain-Logo-Blue-300x198.png<\/span>\n\t\t\t\t\t\t<\/span>\n\t\t\t\t<\/span><span class='av-structured-data'  itemprop=\"author\" itemscope=\"itemscope\" itemtype=\"https:\/\/schema.org\/Person\" ><span itemprop='name'>Martin<\/span><\/span><span class='av-structured-data'  itemprop=\"datePublished\" datetime=\"2025-01-16T22:44:52+00:00\" >2022-01-19 18:35:55<\/span><span class='av-structured-data'  itemprop=\"dateModified\" itemtype=\"https:\/\/schema.org\/dateModified\" >2025-12-22 10:44:49<\/span><span class='av-structured-data'  itemprop=\"mainEntityOfPage\" itemtype=\"https:\/\/schema.org\/mainEntityOfPage\" ><span itemprop='name'>Travailler en Espagne : Les aspects essentiels couverts<\/span><\/span><\/span><\/article><\/div><\/div><\/div><br \/>\n<div  id=\"morearticlesbutton\"  class='avia-button-wrap av-k8w013z1-1-18ef7c59d7fc17a24990e28a62437aea-wrap avia-button-center  avia-builder-el-23  el_after_av_blog  avia-builder-el-last '><a href='post_tag,28'  class='avia-button av-k8w013z1-1-18ef7c59d7fc17a24990e28a62437aea av-link-btn avia-icon_select-no avia-size-small avia-position-center avia-color-theme-color'   aria-label=\"Plus d&#039;articles\"><span class='avia_iconbox_title' >Plus d&#039;articles<\/span><\/a><\/div><\/p><\/div>\n<\/div><\/div><\/div><!-- close content main div --><\/div><\/div>\n<style type=\"text\/css\" data-created_by=\"avia_inline_auto\" id=\"style-css-av-mdhqbwcz-0635eaff725e58c58cbabe784f5ead8a\">\n.avia-section.av-mdhqbwcz-0635eaff725e58c58cbabe784f5ead8a{\nbackground-color:#ececec;\nbackground-image:unset;\n}\n<\/style>\n<div id='av_section_1'  class='avia-section av-mdhqbwcz-0635eaff725e58c58cbabe784f5ead8a main_color avia-section-default avia-no-border-styling  avia-builder-el-24  el_after_av_one_full  avia-builder-el-last  avia-bg-style-scroll container_wrap sidebar_right'  ><div class='container av-section-cont-open' ><div class='template-page content  av-content-small alpha units'><div class='post-entry post-entry-type-page post-entry-11829'><div class='entry-content-wrapper clearfix'>\n<section  class='av_textblock_section av-ahg6o-390a1bca8236cf60fbb2aa8ee49ca828 '   itemscope=\"itemscope\" itemtype=\"https:\/\/schema.org\/CreativeWork\" ><div class='avia_textblock'  itemprop=\"text\" ><h2 style=\"text-align: center;\">Contactez un expert en droit du travail par l&rsquo;interm\u00e9diaire de SublimeSpain<\/h2>\n<p style=\"text-align: center;\">Pour obtenir une assistance juridique en mati\u00e8re d&#8217;emploi ou de s\u00e9curit\u00e9 sociale en Espagne, fournissez vos informations et nous vous mettrons en relation avec un professionnel de confiance. Nos partenaires vous conseillent sur les contrats, les droits des employ\u00e9s et la r\u00e9glementation du travail. <\/p>\n<\/div><\/section>\n<div  class='avia-button-wrap av-dy3u8-e2aafa52f374b452003ca91e17a08680-wrap avia-button-center  avia-builder-el-26  el_after_av_textblock  avia-builder-el-last '>\n<style type=\"text\/css\" data-created_by=\"avia_inline_auto\" id=\"style-css-av-dy3u8-e2aafa52f374b452003ca91e17a08680\">\n#top #wrap_all .avia-button.av-dy3u8-e2aafa52f374b452003ca91e17a08680{\nmargin:20px 0 0 0;\n}\n<\/style>\n<a href='https:\/\/www.sublimespain.com\/fr\/commencer\/'  class='avia-button av-dy3u8-e2aafa52f374b452003ca91e17a08680 av-link-btn avia-icon_select-no avia-size-small avia-position-center avia-color-theme-color'   aria-label=\"Commencer\"><span class='avia_iconbox_title' >Commencer<\/span><\/a><\/div>\n<\/div><\/div><\/div><!-- close content main div --><\/div><\/div><div id='after_section_1'  class='main_color av_default_container_wrap container_wrap sidebar_right'  ><div class='container av-section-cont-open' ><div class='template-page content  av-content-small alpha units'><div class='post-entry post-entry-type-page post-entry-11829'><div class='entry-content-wrapper clearfix'>\n","protected":false},"excerpt":{"rendered":"","protected":false},"author":1,"featured_media":15462,"parent":12655,"menu_order":0,"comment_status":"closed","ping_status":"closed","template":"","meta":{"_acf_changed":false,"footnotes":""},"class_list":["post-11829","page","type-page","status-publish","has-post-thumbnail","hentry"],"acf":[],"yoast_head":"<!-- This site is optimized with the Yoast SEO plugin v27.5 - https:\/\/yoast.com\/product\/yoast-seo-wordpress\/ -->\n<title>Droit du travail et s\u00e9curit\u00e9 sociale en Espagne &#8211; SublimeSpain<\/title>\n<meta name=\"description\" content=\"SublimeSpain excelle dans le domaine du droit du travail et de la s\u00e9curit\u00e9 sociale en Espagne, offrant des conseils d&#039;experts sur les r\u00e9glementations en mati\u00e8re d&#039;emploi, les avantages et la conformit\u00e9.\" \/>\n<meta name=\"robots\" content=\"index, follow, max-snippet:-1, max-image-preview:large, max-video-preview:-1\" \/>\n<link rel=\"canonical\" href=\"https:\/\/www.sublimespain.com\/fr\/services\/services-aux-entreprises-en-espagne\/droit-du-travail-et-securite-sociale-en-espagne\/\" \/>\n<meta property=\"og:locale\" content=\"fr_FR\" \/>\n<meta property=\"og:type\" content=\"article\" \/>\n<meta property=\"og:title\" content=\"Droit du travail et s\u00e9curit\u00e9 sociale en Espagne &#8211; SublimeSpain\" \/>\n<meta property=\"og:description\" content=\"SublimeSpain excelle dans le domaine du droit du travail et de la s\u00e9curit\u00e9 sociale en Espagne, offrant des conseils d&#039;experts sur les r\u00e9glementations en mati\u00e8re d&#039;emploi, les avantages et la conformit\u00e9.\" \/>\n<meta property=\"og:url\" content=\"https:\/\/www.sublimespain.com\/fr\/services\/services-aux-entreprises-en-espagne\/droit-du-travail-et-securite-sociale-en-espagne\/\" \/>\n<meta property=\"og:site_name\" content=\"SublimeSpain\" \/>\n<meta property=\"article:modified_time\" content=\"2025-08-26T10:20:31+00:00\" \/>\n<meta property=\"og:image\" content=\"https:\/\/www.sublimespain.com\/wp-content\/uploads\/Labour-Law-in-Spain.jpg\" \/>\n\t<meta property=\"og:image:width\" content=\"1600\" \/>\n\t<meta property=\"og:image:height\" content=\"900\" \/>\n\t<meta property=\"og:image:type\" content=\"image\/jpeg\" \/>\n<meta name=\"twitter:card\" content=\"summary_large_image\" \/>\n<meta name=\"twitter:label1\" content=\"Dur\u00e9e de lecture estim\u00e9e\" \/>\n\t<meta name=\"twitter:data1\" content=\"7 minutes\" \/>\n<script type=\"application\/ld+json\" class=\"yoast-schema-graph\">{\"@context\":\"https:\\\/\\\/schema.org\",\"@graph\":[{\"@type\":\"WebPage\",\"@id\":\"https:\\\/\\\/www.sublimespain.com\\\/fr\\\/services\\\/services-aux-entreprises-en-espagne\\\/droit-du-travail-et-securite-sociale-en-espagne\\\/\",\"url\":\"https:\\\/\\\/www.sublimespain.com\\\/fr\\\/services\\\/services-aux-entreprises-en-espagne\\\/droit-du-travail-et-securite-sociale-en-espagne\\\/\",\"name\":\"Droit du travail et s\u00e9curit\u00e9 sociale en Espagne &#8211; SublimeSpain\",\"isPartOf\":{\"@id\":\"https:\\\/\\\/www.sublimespain.com\\\/fr\\\/#website\"},\"primaryImageOfPage\":{\"@id\":\"https:\\\/\\\/www.sublimespain.com\\\/fr\\\/services\\\/services-aux-entreprises-en-espagne\\\/droit-du-travail-et-securite-sociale-en-espagne\\\/#primaryimage\"},\"image\":{\"@id\":\"https:\\\/\\\/www.sublimespain.com\\\/fr\\\/services\\\/services-aux-entreprises-en-espagne\\\/droit-du-travail-et-securite-sociale-en-espagne\\\/#primaryimage\"},\"thumbnailUrl\":\"https:\\\/\\\/www.sublimespain.com\\\/wp-content\\\/uploads\\\/Labour-Law-in-Spain.jpg\",\"datePublished\":\"2025-01-16T22:44:52+00:00\",\"dateModified\":\"2025-08-26T10:20:31+00:00\",\"description\":\"SublimeSpain excelle dans le domaine du droit du travail et de la s\u00e9curit\u00e9 sociale en Espagne, offrant des conseils d'experts sur les r\u00e9glementations en mati\u00e8re d'emploi, les avantages et la conformit\u00e9.\",\"breadcrumb\":{\"@id\":\"https:\\\/\\\/www.sublimespain.com\\\/fr\\\/services\\\/services-aux-entreprises-en-espagne\\\/droit-du-travail-et-securite-sociale-en-espagne\\\/#breadcrumb\"},\"inLanguage\":\"fr-FR\",\"potentialAction\":[{\"@type\":\"ReadAction\",\"target\":[\"https:\\\/\\\/www.sublimespain.com\\\/fr\\\/services\\\/services-aux-entreprises-en-espagne\\\/droit-du-travail-et-securite-sociale-en-espagne\\\/\"]}]},{\"@type\":\"ImageObject\",\"inLanguage\":\"fr-FR\",\"@id\":\"https:\\\/\\\/www.sublimespain.com\\\/fr\\\/services\\\/services-aux-entreprises-en-espagne\\\/droit-du-travail-et-securite-sociale-en-espagne\\\/#primaryimage\",\"url\":\"https:\\\/\\\/www.sublimespain.com\\\/wp-content\\\/uploads\\\/Labour-Law-in-Spain.jpg\",\"contentUrl\":\"https:\\\/\\\/www.sublimespain.com\\\/wp-content\\\/uploads\\\/Labour-Law-in-Spain.jpg\",\"width\":1600,\"height\":900,\"caption\":\"Labor law and social security in Spain are crucial aspects for expats\"},{\"@type\":\"BreadcrumbList\",\"@id\":\"https:\\\/\\\/www.sublimespain.com\\\/fr\\\/services\\\/services-aux-entreprises-en-espagne\\\/droit-du-travail-et-securite-sociale-en-espagne\\\/#breadcrumb\",\"itemListElement\":[{\"@type\":\"ListItem\",\"position\":1,\"name\":\"Home\",\"item\":\"https:\\\/\\\/www.sublimespain.com\\\/fr\\\/comptables-avocats-et-specialistes-en-espagne\\\/\"},{\"@type\":\"ListItem\",\"position\":2,\"name\":\"Services\",\"item\":\"https:\\\/\\\/www.sublimespain.com\\\/fr\\\/services\\\/\"},{\"@type\":\"ListItem\",\"position\":3,\"name\":\"Services aux entreprises en Espagne\",\"item\":\"https:\\\/\\\/www.sublimespain.com\\\/fr\\\/services\\\/business-services\\\/\"},{\"@type\":\"ListItem\",\"position\":4,\"name\":\"Droit du travail et s\u00e9curit\u00e9 sociale en Espagne\"}]},{\"@type\":\"WebSite\",\"@id\":\"https:\\\/\\\/www.sublimespain.com\\\/fr\\\/#website\",\"url\":\"https:\\\/\\\/www.sublimespain.com\\\/fr\\\/\",\"name\":\"SublimeSpain\",\"description\":\"Discover new possibilities\",\"publisher\":{\"@id\":\"https:\\\/\\\/www.sublimespain.com\\\/fr\\\/#organization\"},\"potentialAction\":[{\"@type\":\"SearchAction\",\"target\":{\"@type\":\"EntryPoint\",\"urlTemplate\":\"https:\\\/\\\/www.sublimespain.com\\\/fr\\\/?s={search_term_string}\"},\"query-input\":{\"@type\":\"PropertyValueSpecification\",\"valueRequired\":true,\"valueName\":\"search_term_string\"}}],\"inLanguage\":\"fr-FR\"},{\"@type\":\"Organization\",\"@id\":\"https:\\\/\\\/www.sublimespain.com\\\/fr\\\/#organization\",\"name\":\"SublimeSpain\",\"url\":\"https:\\\/\\\/www.sublimespain.com\\\/fr\\\/\",\"logo\":{\"@type\":\"ImageObject\",\"inLanguage\":\"fr-FR\",\"@id\":\"https:\\\/\\\/www.sublimespain.com\\\/fr\\\/#\\\/schema\\\/logo\\\/image\\\/\",\"url\":\"https:\\\/\\\/www.sublimespain.com\\\/wp-content\\\/uploads\\\/Sublime-Spain-Isotype-Blue.png\",\"contentUrl\":\"https:\\\/\\\/www.sublimespain.com\\\/wp-content\\\/uploads\\\/Sublime-Spain-Isotype-Blue.png\",\"width\":6250,\"height\":6250,\"caption\":\"SublimeSpain\"},\"image\":{\"@id\":\"https:\\\/\\\/www.sublimespain.com\\\/fr\\\/#\\\/schema\\\/logo\\\/image\\\/\"}}]}<\/script>\n<!-- \/ Yoast SEO plugin. -->","yoast_head_json":{"title":"Droit du travail et s\u00e9curit\u00e9 sociale en Espagne &#8211; SublimeSpain","description":"SublimeSpain excelle dans le domaine du droit du travail et de la s\u00e9curit\u00e9 sociale en Espagne, offrant des conseils d'experts sur les r\u00e9glementations en mati\u00e8re d'emploi, les avantages et la conformit\u00e9.","robots":{"index":"index","follow":"follow","max-snippet":"max-snippet:-1","max-image-preview":"max-image-preview:large","max-video-preview":"max-video-preview:-1"},"canonical":"https:\/\/www.sublimespain.com\/fr\/services\/services-aux-entreprises-en-espagne\/droit-du-travail-et-securite-sociale-en-espagne\/","og_locale":"fr_FR","og_type":"article","og_title":"Droit du travail et s\u00e9curit\u00e9 sociale en Espagne &#8211; SublimeSpain","og_description":"SublimeSpain excelle dans le domaine du droit du travail et de la s\u00e9curit\u00e9 sociale en Espagne, offrant des conseils d'experts sur les r\u00e9glementations en mati\u00e8re d'emploi, les avantages et la conformit\u00e9.","og_url":"https:\/\/www.sublimespain.com\/fr\/services\/services-aux-entreprises-en-espagne\/droit-du-travail-et-securite-sociale-en-espagne\/","og_site_name":"SublimeSpain","article_modified_time":"2025-08-26T10:20:31+00:00","og_image":[{"width":1600,"height":900,"url":"https:\/\/www.sublimespain.com\/wp-content\/uploads\/Labour-Law-in-Spain.jpg","type":"image\/jpeg"}],"twitter_card":"summary_large_image","twitter_misc":{"Dur\u00e9e de lecture estim\u00e9e":"7 minutes"},"schema":{"@context":"https:\/\/schema.org","@graph":[{"@type":"WebPage","@id":"https:\/\/www.sublimespain.com\/fr\/services\/services-aux-entreprises-en-espagne\/droit-du-travail-et-securite-sociale-en-espagne\/","url":"https:\/\/www.sublimespain.com\/fr\/services\/services-aux-entreprises-en-espagne\/droit-du-travail-et-securite-sociale-en-espagne\/","name":"Droit du travail et s\u00e9curit\u00e9 sociale en Espagne &#8211; SublimeSpain","isPartOf":{"@id":"https:\/\/www.sublimespain.com\/fr\/#website"},"primaryImageOfPage":{"@id":"https:\/\/www.sublimespain.com\/fr\/services\/services-aux-entreprises-en-espagne\/droit-du-travail-et-securite-sociale-en-espagne\/#primaryimage"},"image":{"@id":"https:\/\/www.sublimespain.com\/fr\/services\/services-aux-entreprises-en-espagne\/droit-du-travail-et-securite-sociale-en-espagne\/#primaryimage"},"thumbnailUrl":"https:\/\/www.sublimespain.com\/wp-content\/uploads\/Labour-Law-in-Spain.jpg","datePublished":"2025-01-16T22:44:52+00:00","dateModified":"2025-08-26T10:20:31+00:00","description":"SublimeSpain excelle dans le domaine du droit du travail et de la s\u00e9curit\u00e9 sociale en Espagne, offrant des conseils d'experts sur les r\u00e9glementations en mati\u00e8re d'emploi, les avantages et la conformit\u00e9.","breadcrumb":{"@id":"https:\/\/www.sublimespain.com\/fr\/services\/services-aux-entreprises-en-espagne\/droit-du-travail-et-securite-sociale-en-espagne\/#breadcrumb"},"inLanguage":"fr-FR","potentialAction":[{"@type":"ReadAction","target":["https:\/\/www.sublimespain.com\/fr\/services\/services-aux-entreprises-en-espagne\/droit-du-travail-et-securite-sociale-en-espagne\/"]}]},{"@type":"ImageObject","inLanguage":"fr-FR","@id":"https:\/\/www.sublimespain.com\/fr\/services\/services-aux-entreprises-en-espagne\/droit-du-travail-et-securite-sociale-en-espagne\/#primaryimage","url":"https:\/\/www.sublimespain.com\/wp-content\/uploads\/Labour-Law-in-Spain.jpg","contentUrl":"https:\/\/www.sublimespain.com\/wp-content\/uploads\/Labour-Law-in-Spain.jpg","width":1600,"height":900,"caption":"Labor law and social security in Spain are crucial aspects for expats"},{"@type":"BreadcrumbList","@id":"https:\/\/www.sublimespain.com\/fr\/services\/services-aux-entreprises-en-espagne\/droit-du-travail-et-securite-sociale-en-espagne\/#breadcrumb","itemListElement":[{"@type":"ListItem","position":1,"name":"Home","item":"https:\/\/www.sublimespain.com\/fr\/comptables-avocats-et-specialistes-en-espagne\/"},{"@type":"ListItem","position":2,"name":"Services","item":"https:\/\/www.sublimespain.com\/fr\/services\/"},{"@type":"ListItem","position":3,"name":"Services aux entreprises en Espagne","item":"https:\/\/www.sublimespain.com\/fr\/services\/business-services\/"},{"@type":"ListItem","position":4,"name":"Droit du travail et s\u00e9curit\u00e9 sociale en Espagne"}]},{"@type":"WebSite","@id":"https:\/\/www.sublimespain.com\/fr\/#website","url":"https:\/\/www.sublimespain.com\/fr\/","name":"SublimeSpain","description":"Discover new possibilities","publisher":{"@id":"https:\/\/www.sublimespain.com\/fr\/#organization"},"potentialAction":[{"@type":"SearchAction","target":{"@type":"EntryPoint","urlTemplate":"https:\/\/www.sublimespain.com\/fr\/?s={search_term_string}"},"query-input":{"@type":"PropertyValueSpecification","valueRequired":true,"valueName":"search_term_string"}}],"inLanguage":"fr-FR"},{"@type":"Organization","@id":"https:\/\/www.sublimespain.com\/fr\/#organization","name":"SublimeSpain","url":"https:\/\/www.sublimespain.com\/fr\/","logo":{"@type":"ImageObject","inLanguage":"fr-FR","@id":"https:\/\/www.sublimespain.com\/fr\/#\/schema\/logo\/image\/","url":"https:\/\/www.sublimespain.com\/wp-content\/uploads\/Sublime-Spain-Isotype-Blue.png","contentUrl":"https:\/\/www.sublimespain.com\/wp-content\/uploads\/Sublime-Spain-Isotype-Blue.png","width":6250,"height":6250,"caption":"SublimeSpain"},"image":{"@id":"https:\/\/www.sublimespain.com\/fr\/#\/schema\/logo\/image\/"}}]}},"_links":{"self":[{"href":"https:\/\/www.sublimespain.com\/fr\/wp-json\/wp\/v2\/pages\/11829","targetHints":{"allow":["GET"]}}],"collection":[{"href":"https:\/\/www.sublimespain.com\/fr\/wp-json\/wp\/v2\/pages"}],"about":[{"href":"https:\/\/www.sublimespain.com\/fr\/wp-json\/wp\/v2\/types\/page"}],"author":[{"embeddable":true,"href":"https:\/\/www.sublimespain.com\/fr\/wp-json\/wp\/v2\/users\/1"}],"replies":[{"embeddable":true,"href":"https:\/\/www.sublimespain.com\/fr\/wp-json\/wp\/v2\/comments?post=11829"}],"version-history":[{"count":0,"href":"https:\/\/www.sublimespain.com\/fr\/wp-json\/wp\/v2\/pages\/11829\/revisions"}],"up":[{"embeddable":true,"href":"https:\/\/www.sublimespain.com\/fr\/wp-json\/wp\/v2\/pages\/12655"}],"wp:featuredmedia":[{"embeddable":true,"href":"https:\/\/www.sublimespain.com\/fr\/wp-json\/wp\/v2\/media\/15462"}],"wp:attachment":[{"href":"https:\/\/www.sublimespain.com\/fr\/wp-json\/wp\/v2\/media?parent=11829"}],"curies":[{"name":"wp","href":"https:\/\/api.w.org\/{rel}","templated":true}]}}